{"id":614,"date":"2025-12-08T19:37:04","date_gmt":"2025-12-08T18:37:04","guid":{"rendered":"https:\/\/ny.argaladei.nu\/?page_id=614"},"modified":"2026-03-26T17:43:38","modified_gmt":"2026-03-26T16:43:38","slug":"sommarlager-2026","status":"publish","type":"page","link":"https:\/\/ny.argaladei.nu\/?page_id=614","title":{"rendered":"Sommarl\u00e4ger 2026 med 60-\u00e5rsfirande!"},"content":{"rendered":"\n<p><strong>Sommarl\u00e4ger 4\u201311 juli (v.28) 2026<\/strong><\/p>\n\n\n\n<p>I \u00e5r har f\u00f6reningen Argaladei funnits i 60 \u00e5r, det vill vi fira med ett l\u00e4ger d\u00e4r vi hoppas att alla som vill ska kunna delta. L\u00e4gret kommer att vara p\u00e5 Fj\u00e4llg\u00e5rd cirka 10 mil fr\u00e5n \u00d6stersund\/Str\u00f6msund, n\u00e4rmaste by heter Laxsj\u00f6. Fj\u00e4llg\u00e5rd tillh\u00f6r Unga \u00d6rnar se l\u00e4nk:<br><a href=\"https:\/\/stockholm.ungaornar.se\/lagergardar\/fjallgard\/\" target=\"_blank\" rel=\"noreferrer noopener\">https:\/\/stockholm.ungaornar.se\/lagergardar\/fjallgard\/<\/a><\/p>\n\n\n\n<p>Platsen \u00e4r i fj\u00e4llskog med n\u00e4rhet till ett mindre kalfj\u00e4ll och leder f\u00f6r vandring. M\u00f6jlighet finns till vandring, fiske och bad. D\u00e5 det \u00e4r ett speciellt l\u00e4ger i \u00e5r, med 60 \u00e5rs-jubileum, har vi ordnat s\u00e5 att alla kommer att kunna v\u00e4lja om de vill bo i eget t\u00e4lt eller i en s\u00e4ng i stuga. Stugorna delas med andra. Boendet ing\u00e5r i avgiften. All utrustning och mat som beh\u00f6vs under l\u00e4gerveckan tas med av respektive deltagare. L\u00e4gerlivet kommer att vara enkelt friluftsliv med matlagning \u00f6ver eld eller p\u00e5 stormk\u00f6k. El finns ej.<\/p>\n\n\n\n<p>Det finns m\u00f6jlighet att ta sig fram med bil p\u00e5 en timmerv\u00e4g och parkera 1 km fr\u00e5n l\u00e4gerplatsen, sedan beh\u00f6ver man g\u00e5 fram till Fj\u00e4llg\u00e5rds stugor. Hj\u00e4lp kommer att ges till den som k\u00e4nner sig os\u00e4ker p\u00e5 vandringen med packning, f\u00f6r att ta sig fram till l\u00e4geromr\u00e5det. Det \u00e4r enligt beskrivning lite backigt men ganska l\u00e4ttg\u00e5nget.<\/p>\n\n\n\n<p>Utforskning om m\u00f6jligheter att komma till l\u00e4gret med allm\u00e4nna kommunikationsmedel och ev. taxi, kommer att g\u00f6ras om det finns \u00f6nskem\u00e5l om detta. Meddela d\u00e4rf\u00f6r s\u00e5 snart som m\u00f6jligt om du planerar att komma med t\u00e5g eller buss s\u00e5 att vi kan unders\u00f6ka hur f\u00e4rden kan l\u00f6sas den sista biten.<br><br><em>Mer information om l\u00e4gret och platsen<\/em> kommer p\u00e5 mejl under mars och fram\u00e5t i samband med att anm\u00e4lningar inkommit.<br>L\u00e4geravgift 400 kr per vuxen, 200 kr f\u00f6r pension\u00e4rer, arbetsl\u00f6sa och studerande och 100 kr per barn samt medlemsavgiften som \u00e4r 100 kr f\u00f6r alla som \u00e4r \u00e4ldre \u00e4n 18 \u00e5r. Alla l\u00e4gerdeltagare kommer med f\u00f6rdel med p\u00e5 hela l\u00e4gret med den som vill fokusera p\u00e5 att vara med p\u00e5 60-\u00e5rsfirande g\u00e5r det ocks\u00e5 bra att komma p\u00e5 torsdag 9 juli till l\u00f6rdag 11 juli. Samma avgifter g\u00e4ller oavsett antal dagars n\u00e4rvaro. <\/p>\n\n\n\n<p><strong>Anm\u00e4lan och eventuella fr\u00e5gor,<\/strong> g\u00f6rs till: risaeng@gmail.com I anm\u00e4lan ska du uppge vilka personer, f\u00f6r- och efternamn och \u00e5lder. Skriv ocks\u00e5 om ni \u00f6nskar sovplats i stuga.<br><strong>Betalning:<\/strong> Plusgirokonto 32 29 58-0 (<strong>Var tydlig med ditt namn och anledning till betalning.<\/strong>)<br>Anm\u00e4lan, inbetalning av medlemsavgift och l\u00e4geravgift ska vara inne senast 30 maj.<br><em>Varmaste h\u00e4lsningar och V\u00e4lkomna!<\/em><br>\u00d6nskar styrelsen och L\u00e4geransvariga Karin Bengtsson och Maria K\u00e4rnbo Johansson.<br><br><strong><mark style=\"background-color:rgba(0, 0, 0, 0)\" class=\"has-inline-color has-black-color\">Jubi\u00e9umsdag och fest fredagen den 10:e juli<\/mark><\/strong><br>Argaladeis 60-\u00e5rsfirandet planerar vi att p\u00e5 olika s\u00e4tt att ha under fredagen den 10:e juli p\u00e5 \u00e5rets sommarl\u00e4ger i J\u00e4mtland, med bland annat en jubileumsfest. Vi v\u00e4lkomnar gamla, s\u00e5v\u00e4l som nya medlemmar i att vara med i planeringen av jubil\u00e9et. Annika Wald\u00e9n och Karin Wald\u00e9n Egholt \u00e4r kontaktpersoner f\u00f6r att samordna jubileumsdagen  E-post; <a href=\"mailto:argaladei.nu@gmail.com\" target=\"_blank\" rel=\"noreferrer noopener\">argaladei.nu@gmail.com<\/a><\/p>\n\n\n\n<p>Om du vill vara med och bidra med bilder, minnen etc. \u00e4r det mycket v\u00e4lkommet.<\/p>\n\n\n\n<p><\/p>\n\n\n\n<figure class=\"wp-block-gallery has-nested-images columns-default is-cropped wp-block-gallery-1 is-layout-flex wp-block-gallery-is-layout-flex\">\n<figure class=\"wp-block-image size-large\"><img loading=\"lazy\" decoding=\"async\" width=\"1024\" height=\"768\" data-id=\"709\" src=\"https:\/\/ny.argaladei.nu\/wp-content\/uploads\/2026\/02\/PXL_20250711_185503518-1024x768.jpg\" alt=\"Argaladeiflaggan\" class=\"wp-image-709\" srcset=\"https:\/\/ny.argaladei.nu\/wp-content\/uploads\/2026\/02\/PXL_20250711_185503518-1024x768.jpg 1024w, https:\/\/ny.argaladei.nu\/wp-content\/uploads\/2026\/02\/PXL_20250711_185503518-300x225.jpg 300w, https:\/\/ny.argaladei.nu\/wp-content\/uploads\/2026\/02\/PXL_20250711_185503518-768x576.jpg 768w, https:\/\/ny.argaladei.nu\/wp-content\/uploads\/2026\/02\/PXL_20250711_185503518-1536x1152.jpg 1536w, https:\/\/ny.argaladei.nu\/wp-content\/uploads\/2026\/02\/PXL_20250711_185503518-2048x1536.jpg 2048w, https:\/\/ny.argaladei.nu\/wp-content\/uploads\/2026\/02\/PXL_20250711_185503518-2000x1500.jpg 2000w\" sizes=\"(max-width: 1024px) 100vw, 1024px\" \/><\/figure>\n<\/figure>\n","protected":false},"excerpt":{"rendered":"<p>Sommarl\u00e4ger 4\u201311 juli (v.28) 2026 I \u00e5r har f\u00f6reningen Argaladei funnits i 60 \u00e5r, det vill vi fira med ett l\u00e4ger d\u00e4r vi hoppas att alla som vill ska kunna delta. L\u00e4gret kommer att vara p\u00e5 Fj\u00e4llg\u00e5rd cirka 10 mil fr\u00e5n \u00d6stersund\/Str\u00f6msund, n\u00e4rmaste by heter Laxsj\u00f6. Fj\u00e4llg\u00e5rd tillh\u00f6r Unga \u00d6rnar se l\u00e4nk:https:\/\/stockholm.ungaornar.se\/lagergardar\/fjallgard\/ Platsen \u00e4r i &hellip; <\/p>\n<p class=\"link-more\"><a href=\"https:\/\/ny.argaladei.nu\/?page_id=614\" class=\"more-link\">L\u00e4s mer<span class=\"screen-reader-text\"> \u201dSommarl\u00e4ger 2026 med 60-\u00e5rsfirande!\u201d<\/span><\/a><\/p>\n","protected":false},"author":4,"featured_media":0,"parent":0,"menu_order":0,"comment_status":"closed","ping_status":"closed","template":"","meta":{"footnotes":""},"yoast_head":"<!-- This site is optimized with the Yoast SEO plugin v23.3 - https:\/\/yoast.com\/wordpress\/plugins\/seo\/ -->\n<title>Sommarl\u00e4ger 2026 med 60-\u00e5rsfirande! - Argaladei<\/title>\n<meta name=\"robots\" content=\"index, follow, max-snippet:-1, max-image-preview:large, max-video-preview:-1\" \/>\n<link rel=\"canonical\" href=\"https:\/\/ny.argaladei.nu\/?page_id=614\" \/>\n<meta property=\"og:locale\" content=\"sv_SE\" \/>\n<meta property=\"og:type\" content=\"article\" \/>\n<meta property=\"og:title\" content=\"Sommarl\u00e4ger 2026 med 60-\u00e5rsfirande! - Argaladei\" \/>\n<meta property=\"og:description\" content=\"Sommarl\u00e4ger 4\u201311 juli (v.28) 2026 I \u00e5r har f\u00f6reningen Argaladei funnits i 60 \u00e5r, det vill vi fira med ett l\u00e4ger d\u00e4r vi hoppas att alla som vill ska kunna delta. L\u00e4gret kommer att vara p\u00e5 Fj\u00e4llg\u00e5rd cirka 10 mil fr\u00e5n \u00d6stersund\/Str\u00f6msund, n\u00e4rmaste by heter Laxsj\u00f6. Fj\u00e4llg\u00e5rd tillh\u00f6r Unga \u00d6rnar se l\u00e4nk:https:\/\/stockholm.ungaornar.se\/lagergardar\/fjallgard\/ Platsen \u00e4r i &hellip; L\u00e4s mer \u201dSommarl\u00e4ger 2026 med 60-\u00e5rsfirande!\u201d\" \/>\n<meta property=\"og:url\" content=\"https:\/\/ny.argaladei.nu\/?page_id=614\" \/>\n<meta property=\"og:site_name\" content=\"Argaladei\" \/>\n<meta property=\"article:publisher\" content=\"https:\/\/www.facebook.com\/profile.php?id=100064881722220\" \/>\n<meta property=\"article:modified_time\" content=\"2026-03-26T16:43:38+00:00\" \/>\n<meta property=\"og:image\" content=\"https:\/\/ny.argaladei.nu\/wp-content\/uploads\/2026\/02\/PXL_20250711_185503518-1024x768.jpg\" \/>\n<meta name=\"twitter:card\" content=\"summary_large_image\" \/>\n<meta name=\"twitter:label1\" content=\"Ber\u00e4knad l\u00e4stid\" \/>\n\t<meta name=\"twitter:data1\" content=\"3 minuter\" \/>\n<script type=\"application\/ld+json\" class=\"yoast-schema-graph\">{\"@context\":\"https:\/\/schema.org\",\"@graph\":[{\"@type\":\"WebPage\",\"@id\":\"https:\/\/ny.argaladei.nu\/?page_id=614\",\"url\":\"https:\/\/ny.argaladei.nu\/?page_id=614\",\"name\":\"Sommarl\u00e4ger 2026 med 60-\u00e5rsfirande! - Argaladei\",\"isPartOf\":{\"@id\":\"https:\/\/ny.argaladei.nu\/#website\"},\"primaryImageOfPage\":{\"@id\":\"https:\/\/ny.argaladei.nu\/?page_id=614#primaryimage\"},\"image\":{\"@id\":\"https:\/\/ny.argaladei.nu\/?page_id=614#primaryimage\"},\"thumbnailUrl\":\"https:\/\/ny.argaladei.nu\/wp-content\/uploads\/2026\/02\/PXL_20250711_185503518-1024x768.jpg\",\"datePublished\":\"2025-12-08T18:37:04+00:00\",\"dateModified\":\"2026-03-26T16:43:38+00:00\",\"breadcrumb\":{\"@id\":\"https:\/\/ny.argaladei.nu\/?page_id=614#breadcrumb\"},\"inLanguage\":\"sv-SE\",\"potentialAction\":[{\"@type\":\"ReadAction\",\"target\":[\"https:\/\/ny.argaladei.nu\/?page_id=614\"]}]},{\"@type\":\"ImageObject\",\"inLanguage\":\"sv-SE\",\"@id\":\"https:\/\/ny.argaladei.nu\/?page_id=614#primaryimage\",\"url\":\"https:\/\/ny.argaladei.nu\/wp-content\/uploads\/2026\/02\/PXL_20250711_185503518.jpg\",\"contentUrl\":\"https:\/\/ny.argaladei.nu\/wp-content\/uploads\/2026\/02\/PXL_20250711_185503518.jpg\",\"width\":2560,\"height\":1920,\"caption\":\"Argaladeiflaggan\"},{\"@type\":\"BreadcrumbList\",\"@id\":\"https:\/\/ny.argaladei.nu\/?page_id=614#breadcrumb\",\"itemListElement\":[{\"@type\":\"ListItem\",\"position\":1,\"name\":\"Home\",\"item\":\"https:\/\/ny.argaladei.nu\/\"},{\"@type\":\"ListItem\",\"position\":2,\"name\":\"Sommarl\u00e4ger 2026 med 60-\u00e5rsfirande!\"}]},{\"@type\":\"WebSite\",\"@id\":\"https:\/\/ny.argaladei.nu\/#website\",\"url\":\"https:\/\/ny.argaladei.nu\/\",\"name\":\"Argaladei\",\"description\":\"Friluftsliv - en livsstil\",\"publisher\":{\"@id\":\"https:\/\/ny.argaladei.nu\/#organization\"},\"potentialAction\":[{\"@type\":\"SearchAction\",\"target\":{\"@type\":\"EntryPoint\",\"urlTemplate\":\"https:\/\/ny.argaladei.nu\/?s={search_term_string}\"},\"query-input\":\"required name=search_term_string\"}],\"inLanguage\":\"sv-SE\"},{\"@type\":\"Organization\",\"@id\":\"https:\/\/ny.argaladei.nu\/#organization\",\"name\":\"Argaladei\",\"url\":\"https:\/\/ny.argaladei.nu\/\",\"logo\":{\"@type\":\"ImageObject\",\"inLanguage\":\"sv-SE\",\"@id\":\"https:\/\/ny.argaladei.nu\/#\/schema\/logo\/image\/\",\"url\":\"https:\/\/ny.argaladei.nu\/wp-content\/uploads\/2023\/09\/Argaladei_Logo.png\",\"contentUrl\":\"https:\/\/ny.argaladei.nu\/wp-content\/uploads\/2023\/09\/Argaladei_Logo.png\",\"width\":800,\"height\":778,\"caption\":\"Argaladei\"},\"image\":{\"@id\":\"https:\/\/ny.argaladei.nu\/#\/schema\/logo\/image\/\"},\"sameAs\":[\"https:\/\/www.facebook.com\/profile.php?id=100064881722220\"]}]}<\/script>\n<!-- \/ Yoast SEO plugin. -->","yoast_head_json":{"title":"Sommarl\u00e4ger 2026 med 60-\u00e5rsfirande! - Argaladei","robots":{"index":"index","follow":"follow","max-snippet":"max-snippet:-1","max-image-preview":"max-image-preview:large","max-video-preview":"max-video-preview:-1"},"canonical":"https:\/\/ny.argaladei.nu\/?page_id=614","og_locale":"sv_SE","og_type":"article","og_title":"Sommarl\u00e4ger 2026 med 60-\u00e5rsfirande! - Argaladei","og_description":"Sommarl\u00e4ger 4\u201311 juli (v.28) 2026 I \u00e5r har f\u00f6reningen Argaladei funnits i 60 \u00e5r, det vill vi fira med ett l\u00e4ger d\u00e4r vi hoppas att alla som vill ska kunna delta. L\u00e4gret kommer att vara p\u00e5 Fj\u00e4llg\u00e5rd cirka 10 mil fr\u00e5n \u00d6stersund\/Str\u00f6msund, n\u00e4rmaste by heter Laxsj\u00f6. Fj\u00e4llg\u00e5rd tillh\u00f6r Unga \u00d6rnar se l\u00e4nk:https:\/\/stockholm.ungaornar.se\/lagergardar\/fjallgard\/ Platsen \u00e4r i &hellip; L\u00e4s mer \u201dSommarl\u00e4ger 2026 med 60-\u00e5rsfirande!\u201d","og_url":"https:\/\/ny.argaladei.nu\/?page_id=614","og_site_name":"Argaladei","article_publisher":"https:\/\/www.facebook.com\/profile.php?id=100064881722220","article_modified_time":"2026-03-26T16:43:38+00:00","og_image":[{"url":"https:\/\/ny.argaladei.nu\/wp-content\/uploads\/2026\/02\/PXL_20250711_185503518-1024x768.jpg"}],"twitter_card":"summary_large_image","twitter_misc":{"Ber\u00e4knad l\u00e4stid":"3 minuter"},"schema":{"@context":"https:\/\/schema.org","@graph":[{"@type":"WebPage","@id":"https:\/\/ny.argaladei.nu\/?page_id=614","url":"https:\/\/ny.argaladei.nu\/?page_id=614","name":"Sommarl\u00e4ger 2026 med 60-\u00e5rsfirande! - Argaladei","isPartOf":{"@id":"https:\/\/ny.argaladei.nu\/#website"},"primaryImageOfPage":{"@id":"https:\/\/ny.argaladei.nu\/?page_id=614#primaryimage"},"image":{"@id":"https:\/\/ny.argaladei.nu\/?page_id=614#primaryimage"},"thumbnailUrl":"https:\/\/ny.argaladei.nu\/wp-content\/uploads\/2026\/02\/PXL_20250711_185503518-1024x768.jpg","datePublished":"2025-12-08T18:37:04+00:00","dateModified":"2026-03-26T16:43:38+00:00","breadcrumb":{"@id":"https:\/\/ny.argaladei.nu\/?page_id=614#breadcrumb"},"inLanguage":"sv-SE","potentialAction":[{"@type":"ReadAction","target":["https:\/\/ny.argaladei.nu\/?page_id=614"]}]},{"@type":"ImageObject","inLanguage":"sv-SE","@id":"https:\/\/ny.argaladei.nu\/?page_id=614#primaryimage","url":"https:\/\/ny.argaladei.nu\/wp-content\/uploads\/2026\/02\/PXL_20250711_185503518.jpg","contentUrl":"https:\/\/ny.argaladei.nu\/wp-content\/uploads\/2026\/02\/PXL_20250711_185503518.jpg","width":2560,"height":1920,"caption":"Argaladeiflaggan"},{"@type":"BreadcrumbList","@id":"https:\/\/ny.argaladei.nu\/?page_id=614#breadcrumb","itemListElement":[{"@type":"ListItem","position":1,"name":"Home","item":"https:\/\/ny.argaladei.nu\/"},{"@type":"ListItem","position":2,"name":"Sommarl\u00e4ger 2026 med 60-\u00e5rsfirande!"}]},{"@type":"WebSite","@id":"https:\/\/ny.argaladei.nu\/#website","url":"https:\/\/ny.argaladei.nu\/","name":"Argaladei","description":"Friluftsliv - en livsstil","publisher":{"@id":"https:\/\/ny.argaladei.nu\/#organization"},"potentialAction":[{"@type":"SearchAction","target":{"@type":"EntryPoint","urlTemplate":"https:\/\/ny.argaladei.nu\/?s={search_term_string}"},"query-input":"required name=search_term_string"}],"inLanguage":"sv-SE"},{"@type":"Organization","@id":"https:\/\/ny.argaladei.nu\/#organization","name":"Argaladei","url":"https:\/\/ny.argaladei.nu\/","logo":{"@type":"ImageObject","inLanguage":"sv-SE","@id":"https:\/\/ny.argaladei.nu\/#\/schema\/logo\/image\/","url":"https:\/\/ny.argaladei.nu\/wp-content\/uploads\/2023\/09\/Argaladei_Logo.png","contentUrl":"https:\/\/ny.argaladei.nu\/wp-content\/uploads\/2023\/09\/Argaladei_Logo.png","width":800,"height":778,"caption":"Argaladei"},"image":{"@id":"https:\/\/ny.argaladei.nu\/#\/schema\/logo\/image\/"},"sameAs":["https:\/\/www.facebook.com\/profile.php?id=100064881722220"]}]}},"_links":{"self":[{"href":"https:\/\/ny.argaladei.nu\/index.php?rest_route=\/wp\/v2\/pages\/614"}],"collection":[{"href":"https:\/\/ny.argaladei.nu\/index.php?rest_route=\/wp\/v2\/pages"}],"about":[{"href":"https:\/\/ny.argaladei.nu\/index.php?rest_route=\/wp\/v2\/types\/page"}],"author":[{"embeddable":true,"href":"https:\/\/ny.argaladei.nu\/index.php?rest_route=\/wp\/v2\/users\/4"}],"replies":[{"embeddable":true,"href":"https:\/\/ny.argaladei.nu\/index.php?rest_route=%2Fwp%2Fv2%2Fcomments&post=614"}],"version-history":[{"count":5,"href":"https:\/\/ny.argaladei.nu\/index.php?rest_route=\/wp\/v2\/pages\/614\/revisions"}],"predecessor-version":[{"id":738,"href":"https:\/\/ny.argaladei.nu\/index.php?rest_route=\/wp\/v2\/pages\/614\/revisions\/738"}],"wp:attachment":[{"href":"https:\/\/ny.argaladei.nu\/index.php?rest_route=%2Fwp%2Fv2%2Fmedia&parent=614"}],"curies":[{"name":"wp","href":"https:\/\/api.w.org\/{rel}","templated":true}]}}